{"id":1059,"date":"2023-08-07T14:35:09","date_gmt":"2023-08-07T12:35:48","guid":{"rendered":"https:\/\/www.wir-pro-stub.de\/?page_id=1059"},"modified":"2024-04-03T12:46:23","modified_gmt":"2024-04-03T10:46:23","slug":"wissenswertes","status":"publish","type":"page","link":"https:\/\/www.wir-pro-stub.de\/en\/wissenswertes\/","title":{"rendered":"Wissenswertes"},"content":{"rendered":"<div data-elementor-type=\"wp-page\" data-elementor-id=\"1059\" class=\"elementor elementor-1059\" data-elementor-post-type=\"page\">\n\t\t\t\t\t\t<section class=\"elementor-section elementor-top-section elementor-element elementor-element-08c9606 elementor-section-boxed elementor-section-height-default elementor-section-height-default\" data-id=\"08c9606\" data-element_type=\"section\">\n\t\t\t\t\t\t<div class=\"elementor-container elementor-column-gap-default\">\n\t\t\t\t\t<div class=\"elementor-column elementor-col-100 elementor-top-column elementor-element elementor-element-89c4590\" data-id=\"89c4590\" data-element_type=\"column\">\n\t\t\t<div class=\"elementor-widget-wrap elementor-element-populated\">\n\t\t\t\t\t\t<div class=\"elementor-element elementor-element-532ae25 elementor-widget elementor-widget-heading\" data-id=\"532ae25\" data-element_type=\"widget\" data-no-translation=\"\" data-widget_type=\"heading.default\">\n\t\t\t\t<div class=\"elementor-widget-container\">\n\t\t\t\t\t<style>.elementor-element-532ae25{display:none !important}<\/style>\t\t\t\t<\/div>\n\t\t\t\t<\/div>\n\t\t\t\t\t<\/div>\n\t\t<\/div>\n\t\t\t\t\t<\/div>\n\t\t<\/section>\n\t\t\t\t<section class=\"elementor-section elementor-top-section elementor-element elementor-element-b17a923 elementor-section-boxed elementor-section-height-default elementor-section-height-default\" data-id=\"b17a923\" data-element_type=\"section\" data-no-translation=\"\">\n\t\t\t\t\t\t<div class=\"elementor-container elementor-column-gap-default\">\n\t\t\t\t\t<div class=\"elementor-column elementor-col-100 elementor-top-column elementor-element elementor-element-f671099\" data-id=\"f671099\" data-element_type=\"column\">\n\t\t\t<div class=\"elementor-widget-wrap elementor-element-populated\">\n\t\t\t\t\t\t<div class=\"elementor-element elementor-element-1ab2529 elementor-widget elementor-widget-heading\" data-id=\"1ab2529\" data-element_type=\"widget\" data-widget_type=\"heading.default\">\n\t\t\t\t<div class=\"elementor-widget-container\">\n\t\t\t\t\t<h2 class=\"elementor-heading-title elementor-size-default\">A tram line running between Nuremberg, Erlangen and Herzogenaurach<\/h2>\t\t\t\t<\/div>\n\t\t\t\t<\/div>\n\t\t\t\t\t<\/div>\n\t\t<\/div>\n\t\t\t\t\t<\/div>\n\t\t<\/section>\n\t\t\t\t<section class=\"elementor-section elementor-top-section elementor-element elementor-element-bb2ac6e elementor-reverse-mobile elementor-section-boxed elementor-section-height-default elementor-section-height-default\" data-id=\"bb2ac6e\" data-element_type=\"section\" data-settings=\"{&quot;background_background&quot;:&quot;classic&quot;}\" data-no-translation=\"\">\n\t\t\t\t\t\t<div class=\"elementor-container elementor-column-gap-default\">\n\t\t\t\t\t<div class=\"elementor-column elementor-col-50 elementor-top-column elementor-element elementor-element-ff1bcd9\" data-id=\"ff1bcd9\" data-element_type=\"column\">\n\t\t\t<div class=\"elementor-widget-wrap elementor-element-populated\">\n\t\t\t\t\t\t<div class=\"elementor-element elementor-element-b7ff289 elementor-widget elementor-widget-image\" data-id=\"b7ff289\" data-element_type=\"widget\" data-widget_type=\"image.default\">\n\t\t\t\t<div class=\"elementor-widget-container\">\n\t\t\t\t\t\t\t\t\t\t\t\t\t\t\t<img fetchpriority=\"high\" decoding=\"async\" width=\"800\" height=\"600\" src=\"https:\/\/www.wir-pro-stub.de\/wp-content\/uploads\/2023\/09\/wir-pro-stub-HGFX3773.jpg\" class=\"attachment-large size-large wp-image-2426\" alt=\"\" srcset=\"https:\/\/www.wir-pro-stub.de\/wp-content\/uploads\/2023\/09\/wir-pro-stub-HGFX3773.jpg 800w, https:\/\/www.wir-pro-stub.de\/wp-content\/uploads\/2023\/09\/wir-pro-stub-HGFX3773-300x225.jpg 300w, https:\/\/www.wir-pro-stub.de\/wp-content\/uploads\/2023\/09\/wir-pro-stub-HGFX3773-768x576.jpg 768w\" sizes=\"(max-width: 800px) 100vw, 800px\" \/>\t\t\t\t\t\t\t\t\t\t\t\t\t\t\t<\/div>\n\t\t\t\t<\/div>\n\t\t\t\t\t<\/div>\n\t\t<\/div>\n\t\t\t\t<div class=\"elementor-column elementor-col-50 elementor-top-column elementor-element elementor-element-cc700aa\" data-id=\"cc700aa\" data-element_type=\"column\">\n\t\t\t<div class=\"elementor-widget-wrap elementor-element-populated\">\n\t\t\t\t\t\t<div class=\"elementor-element elementor-element-667dee7 elementor-widget elementor-widget-text-editor\" data-id=\"667dee7\" data-element_type=\"widget\" data-widget_type=\"text-editor.default\">\n\t\t\t\t<div class=\"elementor-widget-container\">\n\t\t\t\t\t\t\t\t\t<p>The <strong>St<\/strong>adt-<strong>U<\/strong>mland-<strong>B<\/strong>ahn (<strong>StUB<\/strong>) will enable commuters to travel from Pl\u00e4rrer via Nuremberg to Erlangen and onto Herzogenaurach without changing trains! <strong>The StUB is a planned extension of the Nuremberg tram network connecting Nuremberg, Erlangen and Herzogenaurach<\/strong>, totaling 31 stops and spanning approximately 26 kilometers.<\/p><p>Further information from the Zweckverband regarding the 19 stops within the district of Erlangen is available here.\u00a0<\/p><p>Three planned &#8222;<strong>Park + Ride&#8220; stops<\/strong> (A3 via the Aurach Service Station, Wetterkreuz\/Reutles and near the Klinikum am Europakanal), are planned. The idea behind such being that commuters may deposit their automobiles outside of the major transit hubs and complete their journey into the city center via public transport, thus reducing traffic congestion and transit times. An <strong>extension of the StUB eastbound, towards Gr\u00e4fenbergbahn to Eckental<\/strong>, is in planning and a further extension towards Dechsendorf and the western district is under consideration.<\/p>\t\t\t\t\t\t\t\t<\/div>\n\t\t\t\t<\/div>\n\t\t\t\t\t<\/div>\n\t\t<\/div>\n\t\t\t\t\t<\/div>\n\t\t<\/section>\n\t\t\t\t<section class=\"elementor-section elementor-top-section elementor-element elementor-element-dd0ebb2 elementor-section-boxed elementor-section-height-default elementor-section-height-default\" data-id=\"dd0ebb2\" data-element_type=\"section\" data-no-translation=\"\">\n\t\t\t\t\t\t<div class=\"elementor-container elementor-column-gap-default\">\n\t\t\t\t\t<div class=\"elementor-column elementor-col-100 elementor-top-column elementor-element elementor-element-d380f41\" data-id=\"d380f41\" data-element_type=\"column\">\n\t\t\t<div class=\"elementor-widget-wrap elementor-element-populated\">\n\t\t\t\t\t\t<div class=\"elementor-element elementor-element-c897d52 elementor-widget elementor-widget-heading\" data-id=\"c897d52\" data-element_type=\"widget\" data-settings=\"{&quot;_animation&quot;:&quot;none&quot;}\" data-widget_type=\"heading.default\">\n\t\t\t\t<div class=\"elementor-widget-container\">\n\t\t\t\t\t<h2 class=\"elementor-heading-title elementor-size-default\">Mobility of the future<\/h2>\t\t\t\t<\/div>\n\t\t\t\t<\/div>\n\t\t\t\t\t<\/div>\n\t\t<\/div>\n\t\t\t\t\t<\/div>\n\t\t<\/section>\n\t\t\t\t<section class=\"elementor-section elementor-top-section elementor-element elementor-element-a9c5ab0 elementor-section-boxed elementor-section-height-default elementor-section-height-default\" data-id=\"a9c5ab0\" data-element_type=\"section\" data-no-translation=\"\">\n\t\t\t\t\t\t<div class=\"elementor-container elementor-column-gap-default\">\n\t\t\t\t\t<div class=\"elementor-column elementor-col-50 elementor-top-column elementor-element elementor-element-446aff4\" data-id=\"446aff4\" data-element_type=\"column\">\n\t\t\t<div class=\"elementor-widget-wrap elementor-element-populated\">\n\t\t\t\t\t\t<div class=\"elementor-element elementor-element-23543ae elementor-widget elementor-widget-text-editor\" data-id=\"23543ae\" data-element_type=\"widget\" data-widget_type=\"text-editor.default\">\n\t\t\t\t<div class=\"elementor-widget-container\">\n\t\t\t\t\t\t\t\t\t<p>The StUB will be an <strong>economical and highly accessible extension of N\u00fcrnberg&#8217;s Tram line 4<\/strong>.<br \/>Particularly during peak hours, it will present as a fast and reliable mode of transport, circumnavigating traffic jams.<\/p><p>Efficiency is the most important criterion:<\/p><ul><li>Optimal distribution of tram stops to ensure reliable access to all travel destinations<\/li><li>Emphasis on reducing travel times through minimising changeovers<\/li><li>Beyond the StUB, an optimisation of the entire transport network is planned: <strong>bus routes and schedules will be optimised<\/strong> to complement the new tram line.<\/li><\/ul>\t\t\t\t\t\t\t\t<\/div>\n\t\t\t\t<\/div>\n\t\t\t\t\t<\/div>\n\t\t<\/div>\n\t\t\t\t<div class=\"elementor-column elementor-col-50 elementor-top-column elementor-element elementor-element-c33b0fc\" data-id=\"c33b0fc\" data-element_type=\"column\">\n\t\t\t<div class=\"elementor-widget-wrap elementor-element-populated\">\n\t\t\t\t\t\t<div class=\"elementor-element elementor-element-4867da9 elementor-widget elementor-widget-image\" data-id=\"4867da9\" data-element_type=\"widget\" data-widget_type=\"image.default\">\n\t\t\t\t<div class=\"elementor-widget-container\">\n\t\t\t\t\t\t\t\t\t\t\t\t\t\t\t<img decoding=\"async\" width=\"800\" height=\"600\" src=\"https:\/\/www.wir-pro-stub.de\/wp-content\/uploads\/2023\/09\/wir-pro-stub-HGFX3755.jpg\" class=\"attachment-large size-large wp-image-2424\" alt=\"\" srcset=\"https:\/\/www.wir-pro-stub.de\/wp-content\/uploads\/2023\/09\/wir-pro-stub-HGFX3755.jpg 800w, https:\/\/www.wir-pro-stub.de\/wp-content\/uploads\/2023\/09\/wir-pro-stub-HGFX3755-300x225.jpg 300w, https:\/\/www.wir-pro-stub.de\/wp-content\/uploads\/2023\/09\/wir-pro-stub-HGFX3755-768x576.jpg 768w\" sizes=\"(max-width: 800px) 100vw, 800px\" \/>\t\t\t\t\t\t\t\t\t\t\t\t\t\t\t<\/div>\n\t\t\t\t<\/div>\n\t\t\t\t\t<\/div>\n\t\t<\/div>\n\t\t\t\t\t<\/div>\n\t\t<\/section>\n\t\t\t\t<section class=\"elementor-section elementor-top-section elementor-element elementor-element-5f5fe78 elementor-section-boxed elementor-section-height-default elementor-section-height-default\" data-id=\"5f5fe78\" data-element_type=\"section\" data-no-translation=\"\">\n\t\t\t\t\t\t<div class=\"elementor-container elementor-column-gap-default\">\n\t\t\t\t\t<div class=\"elementor-column elementor-col-100 elementor-top-column elementor-element elementor-element-8aa0bd0\" data-id=\"8aa0bd0\" data-element_type=\"column\">\n\t\t\t<div class=\"elementor-widget-wrap elementor-element-populated\">\n\t\t\t\t\t\t<div class=\"elementor-element elementor-element-6afefe9 elementor-widget elementor-widget-heading\" data-id=\"6afefe9\" data-element_type=\"widget\" data-settings=\"{&quot;_animation&quot;:&quot;none&quot;}\" data-widget_type=\"heading.default\">\n\t\t\t\t<div class=\"elementor-widget-container\">\n\t\t\t\t\t<h2 class=\"elementor-heading-title elementor-size-default\">Fast electromobility using green electricity<\/h2>\t\t\t\t<\/div>\n\t\t\t\t<\/div>\n\t\t\t\t\t<\/div>\n\t\t<\/div>\n\t\t\t\t\t<\/div>\n\t\t<\/section>\n\t\t\t\t<section class=\"elementor-section elementor-top-section elementor-element elementor-element-3285921 elementor-reverse-mobile elementor-section-boxed elementor-section-height-default elementor-section-height-default\" data-id=\"3285921\" data-element_type=\"section\" data-no-translation=\"\">\n\t\t\t\t\t\t<div class=\"elementor-container elementor-column-gap-default\">\n\t\t\t\t\t<div class=\"elementor-column elementor-col-50 elementor-top-column elementor-element elementor-element-c3bba68\" data-id=\"c3bba68\" data-element_type=\"column\">\n\t\t\t<div class=\"elementor-widget-wrap elementor-element-populated\">\n\t\t\t\t\t\t<div class=\"elementor-element elementor-element-e2cc76b elementor-widget elementor-widget-image\" data-id=\"e2cc76b\" data-element_type=\"widget\" data-widget_type=\"image.default\">\n\t\t\t\t<div class=\"elementor-widget-container\">\n\t\t\t\t\t\t\t\t\t\t\t\t\t\t\t<img decoding=\"async\" width=\"800\" height=\"600\" src=\"https:\/\/www.wir-pro-stub.de\/wp-content\/uploads\/2023\/09\/wir-pro-stub-HGFX3686.jpg\" class=\"attachment-large size-large wp-image-2422\" alt=\"\" srcset=\"https:\/\/www.wir-pro-stub.de\/wp-content\/uploads\/2023\/09\/wir-pro-stub-HGFX3686.jpg 800w, https:\/\/www.wir-pro-stub.de\/wp-content\/uploads\/2023\/09\/wir-pro-stub-HGFX3686-300x225.jpg 300w, https:\/\/www.wir-pro-stub.de\/wp-content\/uploads\/2023\/09\/wir-pro-stub-HGFX3686-768x576.jpg 768w\" sizes=\"(max-width: 800px) 100vw, 800px\" \/>\t\t\t\t\t\t\t\t\t\t\t\t\t\t\t<\/div>\n\t\t\t\t<\/div>\n\t\t\t\t\t<\/div>\n\t\t<\/div>\n\t\t\t\t<div class=\"elementor-column elementor-col-50 elementor-top-column elementor-element elementor-element-5a49d95\" data-id=\"5a49d95\" data-element_type=\"column\">\n\t\t\t<div class=\"elementor-widget-wrap elementor-element-populated\">\n\t\t\t\t\t\t<div class=\"elementor-element elementor-element-cb6636d elementor-widget elementor-widget-text-editor\" data-id=\"cb6636d\" data-element_type=\"widget\" data-widget_type=\"text-editor.default\">\n\t\t\t\t<div class=\"elementor-widget-container\">\n\t\t\t\t\t\t\t\t\t<p><strong>The StUB will transport you to your destination quickly and in comfort:<\/strong><\/p><ul><li>Unlike buses and cars, the StUB runs on tram tracks.<\/li><li>This ensures efficiency as the tram maintains right of way in general traffic.<\/li><li>The StUB is scheduled to run every 10 minutes during general operating times and more often during peak hours.<\/li><li>With 70 seats and 140 standing places, one tram can accommodate the same number of passengers as three buses.<\/li><li>Stepless boarding ensures maximum accessibility for those embarking or disembarking with prams, shopping trollies, wheelchairs and walkers.<\/li><li>Set to run on 100% green electricity, the StUB will operate sustainably and emission-free.<\/li><li>Modern trams offer quiet transportation with regional transportation speeds of up to 70 kmph.<\/li><\/ul>\t\t\t\t\t\t\t\t<\/div>\n\t\t\t\t<\/div>\n\t\t\t\t\t<\/div>\n\t\t<\/div>\n\t\t\t\t\t<\/div>\n\t\t<\/section>\n\t\t\t\t<section class=\"elementor-section elementor-top-section elementor-element elementor-element-0287a30 elementor-section-boxed elementor-section-height-default elementor-section-height-default\" data-id=\"0287a30\" data-element_type=\"section\" data-no-translation=\"\">\n\t\t\t\t\t\t<div class=\"elementor-container elementor-column-gap-default\">\n\t\t\t\t\t<div class=\"elementor-column elementor-col-100 elementor-top-column elementor-element elementor-element-d8d9529\" data-id=\"d8d9529\" data-element_type=\"column\">\n\t\t\t<div class=\"elementor-widget-wrap elementor-element-populated\">\n\t\t\t\t\t\t<div class=\"elementor-element elementor-element-6165982 elementor-widget elementor-widget-heading\" data-id=\"6165982\" data-element_type=\"widget\" data-settings=\"{&quot;_animation&quot;:&quot;none&quot;}\" data-widget_type=\"heading.default\">\n\t\t\t\t<div class=\"elementor-widget-container\">\n\t\t\t\t\t<h2 class=\"elementor-heading-title elementor-size-default\">For all ages in and outside of town<\/h2>\t\t\t\t<\/div>\n\t\t\t\t<\/div>\n\t\t\t\t\t<\/div>\n\t\t<\/div>\n\t\t\t\t\t<\/div>\n\t\t<\/section>\n\t\t\t\t<section class=\"elementor-section elementor-top-section elementor-element elementor-element-704dee2 elementor-section-boxed elementor-section-height-default elementor-section-height-default\" data-id=\"704dee2\" data-element_type=\"section\" data-no-translation=\"\">\n\t\t\t\t\t\t<div class=\"elementor-container elementor-column-gap-default\">\n\t\t\t\t\t<div class=\"elementor-column elementor-col-50 elementor-top-column elementor-element elementor-element-cffa045\" data-id=\"cffa045\" data-element_type=\"column\">\n\t\t\t<div class=\"elementor-widget-wrap elementor-element-populated\">\n\t\t\t\t\t\t<div class=\"elementor-element elementor-element-70d2841 elementor-widget elementor-widget-text-editor\" data-id=\"70d2841\" data-element_type=\"widget\" data-widget_type=\"text-editor.default\">\n\t\t\t\t<div class=\"elementor-widget-container\">\n\t\t\t\t\t\t\t\t\t<p><strong>The StUB is a reliable means of transportation for all age groups:<\/strong><\/p><ul><li>Safe and secure transport ensures independent mobility for children, adolescents and young adults in urban and rural areas.<\/li><li>Regular operating hours and frequent scheduling offer senior citizens reliable and convenient mobility.<\/li><li>Bicycles, prams, wheelchairs and walkers can be transported on board.<\/li><\/ul>\t\t\t\t\t\t\t\t<\/div>\n\t\t\t\t<\/div>\n\t\t\t\t\t<\/div>\n\t\t<\/div>\n\t\t\t\t<div class=\"elementor-column elementor-col-50 elementor-top-column elementor-element elementor-element-4f42285\" data-id=\"4f42285\" data-element_type=\"column\">\n\t\t\t<div class=\"elementor-widget-wrap elementor-element-populated\">\n\t\t\t\t\t\t<div class=\"elementor-element elementor-element-f15f2f8 elementor-widget elementor-widget-image\" data-id=\"f15f2f8\" data-element_type=\"widget\" data-widget_type=\"image.default\">\n\t\t\t\t<div class=\"elementor-widget-container\">\n\t\t\t\t\t\t\t\t\t\t\t\t\t\t\t<img loading=\"lazy\" decoding=\"async\" width=\"800\" height=\"600\" src=\"https:\/\/www.wir-pro-stub.de\/wp-content\/uploads\/2023\/11\/wir-pro-stub-HGFX4455.jpg\" class=\"attachment-large size-large wp-image-3472\" alt=\"\" srcset=\"https:\/\/www.wir-pro-stub.de\/wp-content\/uploads\/2023\/11\/wir-pro-stub-HGFX4455.jpg 800w, https:\/\/www.wir-pro-stub.de\/wp-content\/uploads\/2023\/11\/wir-pro-stub-HGFX4455-300x225.jpg 300w, https:\/\/www.wir-pro-stub.de\/wp-content\/uploads\/2023\/11\/wir-pro-stub-HGFX4455-768x576.jpg 768w\" sizes=\"(max-width: 800px) 100vw, 800px\" \/>\t\t\t\t\t\t\t\t\t\t\t\t\t\t\t<\/div>\n\t\t\t\t<\/div>\n\t\t\t\t\t<\/div>\n\t\t<\/div>\n\t\t\t\t\t<\/div>\n\t\t<\/section>\n\t\t\t\t<section class=\"elementor-section elementor-top-section elementor-element elementor-element-2e9b8d8 elementor-section-boxed elementor-section-height-default elementor-section-height-default\" data-id=\"2e9b8d8\" data-element_type=\"section\" data-no-translation=\"\">\n\t\t\t\t\t\t<div class=\"elementor-container elementor-column-gap-default\">\n\t\t\t\t\t<div class=\"elementor-column elementor-col-100 elementor-top-column elementor-element elementor-element-860aa2f\" data-id=\"860aa2f\" data-element_type=\"column\">\n\t\t\t<div class=\"elementor-widget-wrap elementor-element-populated\">\n\t\t\t\t\t\t<div class=\"elementor-element elementor-element-980a2f7 elementor-widget elementor-widget-heading\" data-id=\"980a2f7\" data-element_type=\"widget\" data-settings=\"{&quot;_animation&quot;:&quot;none&quot;}\" data-widget_type=\"heading.default\">\n\t\t\t\t<div class=\"elementor-widget-container\">\n\t\t\t\t\t<h2 class=\"elementor-heading-title elementor-size-default\">Our economy relies on the StUB<\/h2>\t\t\t\t<\/div>\n\t\t\t\t<\/div>\n\t\t\t\t\t<\/div>\n\t\t<\/div>\n\t\t\t\t\t<\/div>\n\t\t<\/section>\n\t\t\t\t<section class=\"elementor-section elementor-top-section elementor-element elementor-element-9d929b2 elementor-section-boxed elementor-section-height-default elementor-section-height-default\" data-id=\"9d929b2\" data-element_type=\"section\" data-no-translation=\"\">\n\t\t\t\t\t\t<div class=\"elementor-container elementor-column-gap-default\">\n\t\t\t\t\t<div class=\"elementor-column elementor-col-50 elementor-top-column elementor-element elementor-element-00fae88\" data-id=\"00fae88\" data-element_type=\"column\">\n\t\t\t<div class=\"elementor-widget-wrap elementor-element-populated\">\n\t\t\t\t\t\t<div class=\"elementor-element elementor-element-caaaba6 elementor-widget elementor-widget-image\" data-id=\"caaaba6\" data-element_type=\"widget\" data-widget_type=\"image.default\">\n\t\t\t\t<div class=\"elementor-widget-container\">\n\t\t\t\t\t\t\t\t\t\t\t\t\t\t\t<img loading=\"lazy\" decoding=\"async\" width=\"800\" height=\"600\" src=\"https:\/\/www.wir-pro-stub.de\/wp-content\/uploads\/2023\/10\/fotografie-christian-horn_de-HGFX3670.jpg\" class=\"attachment-large size-large wp-image-2742\" alt=\"\" srcset=\"https:\/\/www.wir-pro-stub.de\/wp-content\/uploads\/2023\/10\/fotografie-christian-horn_de-HGFX3670.jpg 800w, https:\/\/www.wir-pro-stub.de\/wp-content\/uploads\/2023\/10\/fotografie-christian-horn_de-HGFX3670-300x225.jpg 300w, https:\/\/www.wir-pro-stub.de\/wp-content\/uploads\/2023\/10\/fotografie-christian-horn_de-HGFX3670-768x576.jpg 768w\" sizes=\"(max-width: 800px) 100vw, 800px\" \/>\t\t\t\t\t\t\t\t\t\t\t\t\t\t\t<\/div>\n\t\t\t\t<\/div>\n\t\t\t\t\t<\/div>\n\t\t<\/div>\n\t\t\t\t<div class=\"elementor-column elementor-col-50 elementor-top-column elementor-element elementor-element-6a0c9a6\" data-id=\"6a0c9a6\" data-element_type=\"column\">\n\t\t\t<div class=\"elementor-widget-wrap elementor-element-populated\">\n\t\t\t\t\t\t<div class=\"elementor-element elementor-element-60b107a elementor-widget elementor-widget-text-editor\" data-id=\"60b107a\" data-element_type=\"widget\" data-widget_type=\"text-editor.default\">\n\t\t\t\t<div class=\"elementor-widget-container\">\n\t\t\t\t\t\t\t\t\t<p><strong>Our economy relies on reliable transport infrastructure:<\/strong><\/p><ul><li>The <strong>Siemens Campus<\/strong> and <strong>Friedrich-Alexander-University<\/strong> as well as associated housing and amenities are to be located directly on the proposed tram line.<\/li><li>Thus, the StUB will efficiently transport <strong>students<\/strong>, <strong>members of the workforce<\/strong> and <strong>customers<\/strong> into the city center.<\/li><li>The StUB will bring cities closer together and open up new opportunities for both, companies and individuals, positioning the region as a modern and progressive Metropol.<\/li><li>The planned <strong>extension eastwards to the Gr\u00e4fenbergbahn to Eckental<\/strong> will provide further opportunities to expand business, study and entertainment in the region!<\/li><\/ul>\t\t\t\t\t\t\t\t<\/div>\n\t\t\t\t<\/div>\n\t\t\t\t\t<\/div>\n\t\t<\/div>\n\t\t\t\t\t<\/div>\n\t\t<\/section>\n\t\t\t\t<section class=\"elementor-section elementor-top-section elementor-element elementor-element-580ed45 elementor-section-boxed elementor-section-height-default elementor-section-height-default\" data-id=\"580ed45\" data-element_type=\"section\" data-no-translation=\"\">\n\t\t\t\t\t\t<div class=\"elementor-container elementor-column-gap-default\">\n\t\t\t\t\t<div class=\"elementor-column elementor-col-100 elementor-top-column elementor-element elementor-element-d81b17b\" data-id=\"d81b17b\" data-element_type=\"column\">\n\t\t\t<div class=\"elementor-widget-wrap elementor-element-populated\">\n\t\t\t\t\t\t<div class=\"elementor-element elementor-element-c9785d4 elementor-widget elementor-widget-heading\" data-id=\"c9785d4\" data-element_type=\"widget\" data-settings=\"{&quot;_animation&quot;:&quot;none&quot;}\" data-widget_type=\"heading.default\">\n\t\t\t\t<div class=\"elementor-widget-container\">\n\t\t\t\t\t<h2 class=\"elementor-heading-title elementor-size-default\">Planned and ready for construction<\/h2>\t\t\t\t<\/div>\n\t\t\t\t<\/div>\n\t\t\t\t\t<\/div>\n\t\t<\/div>\n\t\t\t\t\t<\/div>\n\t\t<\/section>\n\t\t\t\t<section class=\"elementor-section elementor-top-section elementor-element elementor-element-e48d546 elementor-reverse-mobile elementor-section-boxed elementor-section-height-default elementor-section-height-default\" data-id=\"e48d546\" data-element_type=\"section\" data-no-translation=\"\">\n\t\t\t\t\t\t<div class=\"elementor-container elementor-column-gap-default\">\n\t\t\t\t\t<div class=\"elementor-column elementor-col-50 elementor-top-column elementor-element elementor-element-2240b29\" data-id=\"2240b29\" data-element_type=\"column\">\n\t\t\t<div class=\"elementor-widget-wrap elementor-element-populated\">\n\t\t\t\t\t\t<div class=\"elementor-element elementor-element-47d4e34 elementor-widget elementor-widget-text-editor\" data-id=\"47d4e34\" data-element_type=\"widget\" data-widget_type=\"text-editor.default\">\n\t\t\t\t<div class=\"elementor-widget-container\">\n\t\t\t\t\t\t\t\t\t<ul><li>Over <strong>100 route variants were assessed<\/strong> throughout the initial planning phase to determine the best possible route.<\/li><li>The valuable input provided by members of the local community was considered throughout the process.<\/li><li>A plethora of plans, appraisals and preliminary surveys are available here and provide an insight into the planning process.<\/li><li>In 2020, the government of Middle Franconia issued a 90-page regional planning assessment investigating the impact of the project in accordance with standard criteria.<\/li><li>Such criteria included the impact of the project on the land, ecosystems, water, traffic, emissions, urban development and the economy.<\/li><\/ul><p><strong>TL;DR: the project has been assessed as having a significant net positive benefit for the community and region as a whole by both government officials and independent appraisers.<\/strong><\/p>\t\t\t\t\t\t\t\t<\/div>\n\t\t\t\t<\/div>\n\t\t\t\t\t<\/div>\n\t\t<\/div>\n\t\t\t\t<div class=\"elementor-column elementor-col-50 elementor-top-column elementor-element elementor-element-2114180\" data-id=\"2114180\" data-element_type=\"column\">\n\t\t\t<div class=\"elementor-widget-wrap elementor-element-populated\">\n\t\t\t\t\t\t<div class=\"elementor-element elementor-element-e01bb1b elementor-widget elementor-widget-image\" data-id=\"e01bb1b\" data-element_type=\"widget\" data-widget_type=\"image.default\">\n\t\t\t\t<div class=\"elementor-widget-container\">\n\t\t\t\t\t\t\t\t\t\t\t\t\t\t\t<img loading=\"lazy\" decoding=\"async\" width=\"800\" height=\"600\" src=\"https:\/\/www.wir-pro-stub.de\/wp-content\/uploads\/2023\/09\/wir-pro-stub-HGFX3665.jpg\" class=\"attachment-large size-large wp-image-2419\" alt=\"\" srcset=\"https:\/\/www.wir-pro-stub.de\/wp-content\/uploads\/2023\/09\/wir-pro-stub-HGFX3665.jpg 800w, https:\/\/www.wir-pro-stub.de\/wp-content\/uploads\/2023\/09\/wir-pro-stub-HGFX3665-300x225.jpg 300w, https:\/\/www.wir-pro-stub.de\/wp-content\/uploads\/2023\/09\/wir-pro-stub-HGFX3665-768x576.jpg 768w\" sizes=\"(max-width: 800px) 100vw, 800px\" \/>\t\t\t\t\t\t\t\t\t\t\t\t\t\t\t<\/div>\n\t\t\t\t<\/div>\n\t\t\t\t\t<\/div>\n\t\t<\/div>\n\t\t\t\t\t<\/div>\n\t\t<\/section>\n\t\t\t\t<section class=\"elementor-section elementor-top-section elementor-element elementor-element-365b082 elementor-section-boxed elementor-section-height-default elementor-section-height-default\" data-id=\"365b082\" data-element_type=\"section\" data-no-translation=\"\">\n\t\t\t\t\t\t<div class=\"elementor-container elementor-column-gap-default\">\n\t\t\t\t\t<div class=\"elementor-column elementor-col-100 elementor-top-column elementor-element elementor-element-105141e\" data-id=\"105141e\" data-element_type=\"column\">\n\t\t\t<div class=\"elementor-widget-wrap elementor-element-populated\">\n\t\t\t\t\t\t<div class=\"elementor-element elementor-element-e79644c elementor-widget elementor-widget-heading\" data-id=\"e79644c\" data-element_type=\"widget\" data-settings=\"{&quot;_animation&quot;:&quot;none&quot;}\" data-widget_type=\"heading.default\">\n\t\t\t\t<div class=\"elementor-widget-container\">\n\t\t\t\t\t<h2 class=\"elementor-heading-title elementor-size-default\">From Nuremberg to Erlangen as of 2031<\/h2>\t\t\t\t<\/div>\n\t\t\t\t<\/div>\n\t\t\t\t\t<\/div>\n\t\t<\/div>\n\t\t\t\t\t<\/div>\n\t\t<\/section>\n\t\t\t\t<section class=\"elementor-section elementor-top-section elementor-element elementor-element-61d58a6 elementor-reverse-mobile elementor-section-boxed elementor-section-height-default elementor-section-height-default\" data-id=\"61d58a6\" data-element_type=\"section\" data-no-translation=\"\">\n\t\t\t\t\t\t<div class=\"elementor-container elementor-column-gap-default\">\n\t\t\t\t\t<div class=\"elementor-column elementor-col-50 elementor-top-column elementor-element elementor-element-6f8a539\" data-id=\"6f8a539\" data-element_type=\"column\">\n\t\t\t<div class=\"elementor-widget-wrap elementor-element-populated\">\n\t\t\t\t\t\t<div class=\"elementor-element elementor-element-377d2c6 elementor-widget elementor-widget-image\" data-id=\"377d2c6\" data-element_type=\"widget\" data-widget_type=\"image.default\">\n\t\t\t\t<div class=\"elementor-widget-container\">\n\t\t\t\t\t\t\t\t\t\t\t\t\t\t\t<img loading=\"lazy\" decoding=\"async\" width=\"800\" height=\"600\" src=\"https:\/\/www.wir-pro-stub.de\/wp-content\/uploads\/2023\/10\/fotografie-christian-horn_de-HGFX3645.jpg\" class=\"attachment-large size-large wp-image-2746\" alt=\"\" srcset=\"https:\/\/www.wir-pro-stub.de\/wp-content\/uploads\/2023\/10\/fotografie-christian-horn_de-HGFX3645.jpg 800w, https:\/\/www.wir-pro-stub.de\/wp-content\/uploads\/2023\/10\/fotografie-christian-horn_de-HGFX3645-300x225.jpg 300w, https:\/\/www.wir-pro-stub.de\/wp-content\/uploads\/2023\/10\/fotografie-christian-horn_de-HGFX3645-768x576.jpg 768w\" sizes=\"(max-width: 800px) 100vw, 800px\" \/>\t\t\t\t\t\t\t\t\t\t\t\t\t\t\t<\/div>\n\t\t\t\t<\/div>\n\t\t\t\t\t<\/div>\n\t\t<\/div>\n\t\t\t\t<div class=\"elementor-column elementor-col-50 elementor-top-column elementor-element elementor-element-f5d21cb\" data-id=\"f5d21cb\" data-element_type=\"column\">\n\t\t\t<div class=\"elementor-widget-wrap elementor-element-populated\">\n\t\t\t\t\t\t<div class=\"elementor-element elementor-element-78b2f43 elementor-widget elementor-widget-text-editor\" data-id=\"78b2f43\" data-element_type=\"widget\" data-widget_type=\"text-editor.default\">\n\t\t\t\t<div class=\"elementor-widget-container\">\n\t\t\t\t\t\t\t\t\t<p><strong>The &#8222;Am Wegfeld\u201d tram stop, as a part of the planned extension of the tram line towards Erlangen, was completed in 2016.<\/strong><br \/>The final plans for the aforementioned extension are underway.<br \/>Simultaneously, the &#8222;eastern branch&#8220; through the Schwabach Valley via Neunkirchen am Brand to Eckental to the Gr\u00e4fenbergbahn is in planning.<\/p><p>The application for the construction permit is to be submitted in 2025, with construction commencing in 2028 at the &#8222;Am Wegfeld\u201d tram stop in Nuremberg.<br \/><br \/><strong>2031 is to mark the completion of the tramline between Nuremberg and Erlangen.<\/strong><\/p><p>A detailed breakdown of the timeline to date can be <a href=\"https:\/\/www.stadtumlandbahn.de\/ueber-stub\/zeitplan\/\" target=\"_blank\" rel=\"noopener\">found here<\/a>.<\/p>\t\t\t\t\t\t\t\t<\/div>\n\t\t\t\t<\/div>\n\t\t\t\t\t<\/div>\n\t\t<\/div>\n\t\t\t\t\t<\/div>\n\t\t<\/section>\n\t\t\t\t<section class=\"elementor-section elementor-top-section elementor-element elementor-element-c988233 elementor-section-boxed elementor-section-height-default elementor-section-height-default\" data-id=\"c988233\" data-element_type=\"section\" data-no-translation=\"\">\n\t\t\t\t\t\t<div class=\"elementor-container elementor-column-gap-default\">\n\t\t\t\t\t<div class=\"elementor-column elementor-col-100 elementor-top-column elementor-element elementor-element-9729618\" data-id=\"9729618\" data-element_type=\"column\">\n\t\t\t<div class=\"elementor-widget-wrap elementor-element-populated\">\n\t\t\t\t\t\t<div class=\"elementor-element elementor-element-69f173a elementor-widget elementor-widget-heading\" data-id=\"69f173a\" data-element_type=\"widget\" data-settings=\"{&quot;_animation&quot;:&quot;none&quot;}\" data-widget_type=\"heading.default\">\n\t\t\t\t<div class=\"elementor-widget-container\">\n\t\t\t\t\t<h2 class=\"elementor-heading-title elementor-size-default\">Secure funding with up to 90% federal and state support<\/h2>\t\t\t\t<\/div>\n\t\t\t\t<\/div>\n\t\t\t\t\t<\/div>\n\t\t<\/div>\n\t\t\t\t\t<\/div>\n\t\t<\/section>\n\t\t\t\t<section class=\"elementor-section elementor-top-section elementor-element elementor-element-cee0577 elementor-section-boxed elementor-section-height-default elementor-section-height-default\" data-id=\"cee0577\" data-element_type=\"section\" data-no-translation=\"\">\n\t\t\t\t\t\t<div class=\"elementor-container elementor-column-gap-default\">\n\t\t\t\t\t<div class=\"elementor-column elementor-col-50 elementor-top-column elementor-element elementor-element-63705d3\" data-id=\"63705d3\" data-element_type=\"column\">\n\t\t\t<div class=\"elementor-widget-wrap elementor-element-populated\">\n\t\t\t\t\t\t<div class=\"elementor-element elementor-element-d510312 elementor-widget elementor-widget-text-editor\" data-id=\"d510312\" data-element_type=\"widget\" data-widget_type=\"text-editor.default\">\n\t\t\t\t<div class=\"elementor-widget-container\">\n\t\t\t\t\t\t\t\t\t<p>The StUB is a requisite investment in the future of the region, ensuring secure and sustainable mobility in Erlangen.<br \/><strong>Secured federal and state governmental support amounts up to 90% of the estimated total cost.<\/strong><\/p><p>This significantly reduces the individual contribution of the involved cities\/regions.<\/p><p><a href=\"https:\/\/www.stadtumlandbahn.de\/ueber-stub\/finanzierung\/\" target=\"_blank\" rel=\"noopener\">A detailed breakdown of the involved costs can be found here.<\/a><\/p><p><strong>What will travel with the Stadt-Umland-Bahn cost me additionally?<\/strong><\/p><ul><li>Nothing! Passengers holding a ticket valid within the VGN network may utilise the StUB without incurring any additional fees.<\/li><li>Valid tickets include single trip tickets, the Verbundpass, Sch\u00fclerAbo, SemesterTicket or Deutschland-Ticket.<\/li><li>Holders of the ErlangenPass may travel with reduced fare rates.<\/li><\/ul>\t\t\t\t\t\t\t\t<\/div>\n\t\t\t\t<\/div>\n\t\t\t\t\t<\/div>\n\t\t<\/div>\n\t\t\t\t<div class=\"elementor-column elementor-col-50 elementor-top-column elementor-element elementor-element-d00c5c3\" data-id=\"d00c5c3\" data-element_type=\"column\">\n\t\t\t<div class=\"elementor-widget-wrap elementor-element-populated\">\n\t\t\t\t\t\t<div class=\"elementor-element elementor-element-9521176 elementor-widget elementor-widget-image\" data-id=\"9521176\" data-element_type=\"widget\" data-widget_type=\"image.default\">\n\t\t\t\t<div class=\"elementor-widget-container\">\n\t\t\t\t\t\t\t\t\t\t\t\t\t\t\t<img loading=\"lazy\" decoding=\"async\" width=\"800\" height=\"600\" src=\"https:\/\/www.wir-pro-stub.de\/wp-content\/uploads\/2023\/09\/wir-pro-stub-HGFX3676.jpg\" class=\"attachment-large size-large wp-image-2421\" alt=\"\" srcset=\"https:\/\/www.wir-pro-stub.de\/wp-content\/uploads\/2023\/09\/wir-pro-stub-HGFX3676.jpg 800w, https:\/\/www.wir-pro-stub.de\/wp-content\/uploads\/2023\/09\/wir-pro-stub-HGFX3676-300x225.jpg 300w, https:\/\/www.wir-pro-stub.de\/wp-content\/uploads\/2023\/09\/wir-pro-stub-HGFX3676-768x576.jpg 768w\" sizes=\"(max-width: 800px) 100vw, 800px\" \/>\t\t\t\t\t\t\t\t\t\t\t\t\t\t\t<\/div>\n\t\t\t\t<\/div>\n\t\t\t\t\t<\/div>\n\t\t<\/div>\n\t\t\t\t\t<\/div>\n\t\t<\/section>\n\t\t\t\t<section class=\"elementor-section elementor-top-section elementor-element elementor-element-b02d171 elementor-section-boxed elementor-section-height-default elementor-section-height-default\" data-id=\"b02d171\" data-element_type=\"section\" data-no-translation=\"\">\n\t\t\t\t\t\t<div class=\"elementor-container elementor-column-gap-default\">\n\t\t\t\t\t<div class=\"elementor-column elementor-col-100 elementor-top-column elementor-element elementor-element-2475a89\" data-id=\"2475a89\" data-element_type=\"column\">\n\t\t\t<div class=\"elementor-widget-wrap elementor-element-populated\">\n\t\t\t\t\t\t<div class=\"elementor-element elementor-element-dcf3fa4 elementor-widget elementor-widget-menu-anchor\" data-id=\"dcf3fa4\" data-element_type=\"widget\" data-widget_type=\"menu-anchor.default\">\n\t\t\t\t<div class=\"elementor-widget-container\">\n\t\t\t\t\t\t\t<div class=\"elementor-menu-anchor\" id=\"trassenvarianten\"><\/div>\n\t\t\t\t\t\t<\/div>\n\t\t\t\t<\/div>\n\t\t\t\t<div class=\"elementor-element elementor-element-6db9ce8 elementor-invisible elementor-widget elementor-widget-heading\" data-id=\"6db9ce8\" data-element_type=\"widget\" data-settings=\"{&quot;_animation&quot;:&quot;fadeInDown&quot;}\" data-widget_type=\"heading.default\">\n\t\t\t\t<div class=\"elementor-widget-container\">\n\t\t\t\t\t<h2 class=\"elementor-heading-title elementor-size-default\">The Route<\/h2>\t\t\t\t<\/div>\n\t\t\t\t<\/div>\n\t\t\t\t<div class=\"elementor-element elementor-element-7111ba7 elementor-widget elementor-widget-heading\" data-id=\"7111ba7\" data-element_type=\"widget\" data-widget_type=\"heading.default\">\n\t\t\t\t<div class=\"elementor-widget-container\">\n\t\t\t\t\t<h5 class=\"elementor-heading-title elementor-size-default\">In February 2024, the preferred route via W\u00f6hrm\u00fchl bridge was chosen<\/h5>\t\t\t\t<\/div>\n\t\t\t\t<\/div>\n\t\t\t\t<div class=\"elementor-element elementor-element-b895c65 elementor-widget elementor-widget-button\" data-id=\"b895c65\" data-element_type=\"widget\" data-widget_type=\"button.default\">\n\t\t\t\t<div class=\"elementor-widget-container\">\n\t\t\t\t\t\t\t\t\t<div class=\"elementor-button-wrapper\">\n\t\t\t\t\t<a class=\"elementor-button elementor-button-link elementor-size-xs\" href=\"https:\/\/www.stadtumlandbahn.de\/mitmachen\/dialogforum\/14-dialogforum\/\" target=\"_blank\">\n\t\t\t\t\t\t<span class=\"elementor-button-content-wrapper\">\n\t\t\t\t\t\t<span class=\"elementor-button-icon\">\n\t\t\t\t<i aria-hidden=\"true\" class=\"fas fa-external-link-alt\"><\/i>\t\t\t<\/span>\n\t\t\t\t\t\t\t\t\t<span class=\"elementor-button-text\">Further information regarding the conducted feasibility study<\/span>\n\t\t\t\t\t<\/span>\n\t\t\t\t\t<\/a>\n\t\t\t\t<\/div>\n\t\t\t\t\t\t\t\t<\/div>\n\t\t\t\t<\/div>\n\t\t\t\t\t<\/div>\n\t\t<\/div>\n\t\t\t\t\t<\/div>\n\t\t<\/section>\n\t\t\t\t<section class=\"elementor-section elementor-top-section elementor-element elementor-element-d34d99b elementor-section-boxed elementor-section-height-default elementor-section-height-default\" data-id=\"d34d99b\" data-element_type=\"section\" data-no-translation=\"\">\n\t\t\t\t\t\t<div class=\"elementor-container elementor-column-gap-default\">\n\t\t\t\t\t<div class=\"elementor-column elementor-col-50 elementor-top-column elementor-element elementor-element-a524038\" data-id=\"a524038\" data-element_type=\"column\">\n\t\t\t<div class=\"elementor-widget-wrap elementor-element-populated\">\n\t\t\t\t\t\t<div class=\"elementor-element elementor-element-31deb5e elementor-widget elementor-widget-text-editor\" data-id=\"31deb5e\" data-element_type=\"widget\" data-widget_type=\"text-editor.default\">\n\t\t\t\t<div class=\"elementor-widget-container\">\n\t\t\t\t\t\t\t\t\t<h5>The preferred route via W\u00f6hrm\u00fchl bridge (crossing the Regnitz)<\/h5><p>From Erlangen main station, the StUB would continue directly on to Alterlangen via the Regnitz crossing and further on to Herzogenaurach via the Adenauerring and B\u00fcchenbach.<\/p><ul><li>Transit from Alterlangen and B\u00fcchenbach to Erlangen&#8217;s city center will be direct and via the shortest possible route.<\/li><li>Trams will run every 10 minutes throughout the day and more often during peak hours.<\/li><li>Easy access to the Bezirksklinikum and Schulzentrum West<\/li><li>Planning time is to be reduced by approximately three years due to planning headway.<\/li><li>Benefits for cyclists making use of routes via the Regnitzgrund<\/li><li>Reduced transit times for emergency services traveling westbound<\/li><\/ul>\t\t\t\t\t\t\t\t<\/div>\n\t\t\t\t<\/div>\n\t\t\t\t\t<\/div>\n\t\t<\/div>\n\t\t\t\t<div class=\"elementor-column elementor-col-50 elementor-top-column elementor-element elementor-element-c6ac3ef\" data-id=\"c6ac3ef\" data-element_type=\"column\">\n\t\t\t<div class=\"elementor-widget-wrap elementor-element-populated\">\n\t\t\t\t\t\t<div class=\"elementor-element elementor-element-9aaa2b3 elementor-widget elementor-widget-image\" data-id=\"9aaa2b3\" data-element_type=\"widget\" data-widget_type=\"image.default\">\n\t\t\t\t<div class=\"elementor-widget-container\">\n\t\t\t\t\t\t\t\t\t\t\t\t\t\t\t\t<a href=\"\/?er\">\n\t\t\t\t\t\t\t<img loading=\"lazy\" decoding=\"async\" width=\"800\" height=\"600\" src=\"https:\/\/www.wir-pro-stub.de\/wp-content\/uploads\/2024\/02\/woehrmuehl-1024x768.jpg\" class=\"attachment-large size-large wp-image-4281\" alt=\"\" srcset=\"https:\/\/www.wir-pro-stub.de\/wp-content\/uploads\/2024\/02\/woehrmuehl-1024x768.jpg 1024w, https:\/\/www.wir-pro-stub.de\/wp-content\/uploads\/2024\/02\/woehrmuehl-300x225.jpg 300w, https:\/\/www.wir-pro-stub.de\/wp-content\/uploads\/2024\/02\/woehrmuehl-768x576.jpg 768w, https:\/\/www.wir-pro-stub.de\/wp-content\/uploads\/2024\/02\/woehrmuehl.jpg 1091w\" sizes=\"(max-width: 800px) 100vw, 800px\" \/>\t\t\t\t\t\t\t\t<\/a>\n\t\t\t\t\t\t\t\t\t\t\t\t\t\t\t<\/div>\n\t\t\t\t<\/div>\n\t\t\t\t\t<\/div>\n\t\t<\/div>\n\t\t\t\t\t<\/div>\n\t\t<\/section>\n\t\t\t\t<section class=\"elementor-section elementor-top-section elementor-element elementor-element-d579b2f elementor-section-boxed elementor-section-height-default elementor-section-height-default\" data-id=\"d579b2f\" data-element_type=\"section\" data-no-translation=\"\">\n\t\t\t\t\t\t<div class=\"elementor-container elementor-column-gap-default\">\n\t\t\t\t\t<div class=\"elementor-column elementor-col-100 elementor-top-column elementor-element elementor-element-b1640f9\" data-id=\"b1640f9\" data-element_type=\"column\">\n\t\t\t<div class=\"elementor-widget-wrap elementor-element-populated\">\n\t\t\t\t\t\t<div class=\"elementor-element elementor-element-5d3c4b6 elementor-invisible elementor-widget elementor-widget-heading\" data-id=\"5d3c4b6\" data-element_type=\"widget\" data-settings=\"{&quot;_animation&quot;:&quot;fadeInDown&quot;}\" data-widget_type=\"heading.default\">\n\t\t\t\t<div class=\"elementor-widget-container\">\n\t\t\t\t\t<h2 class=\"elementor-heading-title elementor-size-default\">Further questions?<\/h2>\t\t\t\t<\/div>\n\t\t\t\t<\/div>\n\t\t\t\t\t<\/div>\n\t\t<\/div>\n\t\t\t\t\t<\/div>\n\t\t<\/section>\n\t\t\t\t<section class=\"elementor-section elementor-top-section elementor-element elementor-element-ce89d4c elementor-reverse-mobile elementor-section-boxed elementor-section-height-default elementor-section-height-default\" data-id=\"ce89d4c\" data-element_type=\"section\" data-no-translation=\"\">\n\t\t\t\t\t\t<div class=\"elementor-container elementor-column-gap-default\">\n\t\t\t\t\t<div class=\"elementor-column elementor-col-50 elementor-top-column elementor-element elementor-element-078f466\" data-id=\"078f466\" data-element_type=\"column\">\n\t\t\t<div class=\"elementor-widget-wrap elementor-element-populated\">\n\t\t\t\t\t\t<div class=\"elementor-element elementor-element-d2936a5 elementor-widget elementor-widget-image\" data-id=\"d2936a5\" data-element_type=\"widget\" data-widget_type=\"image.default\">\n\t\t\t\t<div class=\"elementor-widget-container\">\n\t\t\t\t\t\t\t\t\t\t\t\t\t\t\t<img loading=\"lazy\" decoding=\"async\" width=\"800\" height=\"600\" src=\"https:\/\/www.wir-pro-stub.de\/wp-content\/uploads\/2023\/09\/wir-pro-stub-HGFX3758.jpg\" class=\"attachment-large size-large wp-image-2425\" alt=\"\" srcset=\"https:\/\/www.wir-pro-stub.de\/wp-content\/uploads\/2023\/09\/wir-pro-stub-HGFX3758.jpg 800w, https:\/\/www.wir-pro-stub.de\/wp-content\/uploads\/2023\/09\/wir-pro-stub-HGFX3758-300x225.jpg 300w, https:\/\/www.wir-pro-stub.de\/wp-content\/uploads\/2023\/09\/wir-pro-stub-HGFX3758-768x576.jpg 768w\" sizes=\"(max-width: 800px) 100vw, 800px\" \/>\t\t\t\t\t\t\t\t\t\t\t\t\t\t\t<\/div>\n\t\t\t\t<\/div>\n\t\t\t\t\t<\/div>\n\t\t<\/div>\n\t\t\t\t<div class=\"elementor-column elementor-col-50 elementor-top-column elementor-element elementor-element-fd28f74\" data-id=\"fd28f74\" data-element_type=\"column\">\n\t\t\t<div class=\"elementor-widget-wrap elementor-element-populated\">\n\t\t\t\t\t\t<div class=\"elementor-element elementor-element-f8a77cb elementor-widget elementor-widget-text-editor\" data-id=\"f8a77cb\" data-element_type=\"widget\" data-widget_type=\"text-editor.default\">\n\t\t\t\t<div class=\"elementor-widget-container\">\n\t\t\t\t\t\t\t\t\t<p><strong>Do you want to know more about the Stadt-Umland-Bahn?<\/strong><\/p><p><a href=\"https:\/\/www.stadtumlandbahn.de\/ueber-stub\/faq\/\" target=\"_blank\" rel=\"noopener\">Please visit the FAQ page here.<\/a><\/p><p>If your query persists: please feel free to reach out via <a href=\"mailto:wir@pro-stub.de\">wir(at)pro-stub.de<\/a><\/p>\t\t\t\t\t\t\t\t<\/div>\n\t\t\t\t<\/div>\n\t\t\t\t\t<\/div>\n\t\t<\/div>\n\t\t\t\t\t<\/div>\n\t\t<\/section>\n\t\t\t\t<\/div>","protected":false},"excerpt":{"rendered":"<p>Eine Stra\u00dfenbahn f\u00fcr Nu\u0308rnberg, Erlangen und Herzogenaurach Mit der Stadt-Umland-Bahn (StUB) kommst Du ohne Umsteigen vom Pl\u00e4rrer in N\u00fcrnberg bis in die Erlanger Innenstadt und weiter nach Herzogenaurach. Denn die StUB ist eine Verl\u00e4ngerung der N\u00fcrnberger Stra\u00dfenbahn und verbindet die St\u00e4dte N\u00fcrnberg, Erlangen und Herzogenaurach auf 26 Kilometer Strecke mit insgesamt 31 Haltestellen. Details zu [&hellip;]<\/p>","protected":false},"author":1,"featured_media":0,"parent":0,"menu_order":3,"comment_status":"closed","ping_status":"closed","template":"","meta":{"footnotes":""},"class_list":["post-1059","page","type-page","status-publish","hentry"],"_links":{"self":[{"href":"https:\/\/www.wir-pro-stub.de\/en\/wp-json\/wp\/v2\/pages\/1059","targetHints":{"allow":["GET"]}}],"collection":[{"href":"https:\/\/www.wir-pro-stub.de\/en\/wp-json\/wp\/v2\/pages"}],"about":[{"href":"https:\/\/www.wir-pro-stub.de\/en\/wp-json\/wp\/v2\/types\/page"}],"author":[{"embeddable":true,"href":"https:\/\/www.wir-pro-stub.de\/en\/wp-json\/wp\/v2\/users\/1"}],"replies":[{"embeddable":true,"href":"https:\/\/www.wir-pro-stub.de\/en\/wp-json\/wp\/v2\/comments?post=1059"}],"version-history":[{"count":415,"href":"https:\/\/www.wir-pro-stub.de\/en\/wp-json\/wp\/v2\/pages\/1059\/revisions"}],"predecessor-version":[{"id":5098,"href":"https:\/\/www.wir-pro-stub.de\/en\/wp-json\/wp\/v2\/pages\/1059\/revisions\/5098"}],"wp:attachment":[{"href":"https:\/\/www.wir-pro-stub.de\/en\/wp-json\/wp\/v2\/media?parent=1059"}],"curies":[{"name":"wp","href":"https:\/\/api.w.org\/{rel}","templated":true}]}}